{"id":18873,"date":"2024-02-01T15:00:48","date_gmt":"2024-02-01T23:00:48","guid":{"rendered":"https:\/\/worldimagingnewslatino.com\/?page_id=18873"},"modified":"2024-08-13T14:33:53","modified_gmt":"2024-08-13T21:33:53","slug":"aziende","status":"publish","type":"page","link":"https:\/\/worldimagingnewslatino.com\/it\/companies\/","title":{"rendered":"Aziende"},"content":{"rendered":"<div data-elementor-type=\"wp-page\" data-elementor-id=\"18873\" class=\"elementor elementor-18873\" data-elementor-post-type=\"page\">\n\t\t\t\t<div class=\"elementor-element elementor-element-3309a1a e-flex e-con-boxed e-con e-parent\" data-id=\"3309a1a\" data-element_type=\"container\" data-e-type=\"container\">\n\t\t\t\t\t<div class=\"e-con-inner\">\n\t\t\t\t<div class=\"elementor-element elementor-element-34e51ae elementor-widget elementor-widget-penci-latest-posts\" data-id=\"34e51ae\" data-element_type=\"widget\" data-e-type=\"widget\" data-widget_type=\"penci-latest-posts.default\">\n\t\t\t\t<div class=\"elementor-widget-container\">\n\t\t\t\t\t                <div id=\"pencilatest_posts_52850\" class=\"penci-latest-posts-sc penci-latest-posts-grid penci-latest-posts-el penci-el-mixed-s1 penci-std-continue-center penci-std-excerpt-center penci-grid-excerpt-left\">\n\t\t\t\t\t\t\t\t\t\t\t                        <div class=\"penci-border-arrow penci-homepage-title penci-home-latest-posts style-7 pcalign-left pciconp-right pcicon-right\">\n                            <h3 class=\"inner-arrow\">\n                                <span>\n\t\t\t\t\t\t\t\t<span>aziende<\/span>                                <\/span>\n                            <\/h3>\n\t\t\t\t\t\t\t                        <\/div>\n\t\t\t\t\t                    <div class=\"penci-wrapper-posts-ajax\">\n\n                        <div class=\"penci-wrapper-posts-content pwid-default\">\n\n\t\t\t\t\t\t\t\t\t\t\t\t\t\t\t                                <ul data-cols=\"3\" data-tcols=\"3\" data-mcols=\"2\" data-layout=\"grid\"\n                                    class=\"has-d-cols has-t-cols has-m-cols penci-wrapper-data penci-grid penci-shortcode-render\">\t\t\t\t\t\t\t\t\t\t\t\t\t\t\t\t\t\t\t\t\t\t\t\t\t\t\t\t\t<li class=\"grid-style\">\n    <article id=\"post-263672\" class=\"item hentry\">\n\t\t            <div class=\"thumbnail\">\n\t\t\t\t\t\t\t\t                    <a class=\"penci-image-holder penci-lazy\" data-bgset=\"https:\/\/worldimagingnewslatino.com\/wp-content\/uploads\/2025\/12\/admin-ajax-27-585x390.png\" href=\"https:\/\/worldimagingnewslatino.com\/it\/sawgrass-amplia-proteccion-impresoras-garantia-3-anos-100000-impresiones\/\" title=\"Sawgrass ampl\u00eda la protecci\u00f3n de sus impresoras con una garant\u00eda l\u00edder en la industria de 3 a\u00f1os \/ 100.000 impresiones\">\n                    <\/a>\n\t\t\t\t\n\t\t\t\t\t\t\t\t\t\t\t\t\t\t\t\t\t\t\t\t\t\t\t\t\t\t\t\t\t\t\t\t\t            <\/div>\n\t\t\n        <div class=\"grid-header-box\">\n\t\t\t                <span class=\"cat\"><a style=\"\" class=\"penci-cat-name penci-cat-81\" href=\"https:\/\/worldimagingnewslatino.com\/it\/category\/biz-news\/companies\/\" rel=\"category tag\"><span style=\"\">Aziende<\/span><\/a><\/span>\n\t\t\t\n            <h2 class=\"penci-entry-title entry-title grid-title penci_grid_title_df\"><a href=\"https:\/\/worldimagingnewslatino.com\/it\/sawgrass-amplia-proteccion-impresoras-garantia-3-anos-100000-impresiones\/\">Sawgrass ampl\u00eda la protecci\u00f3n de sus impresoras con una garant\u00eda l\u00edder en la industria de 3 a\u00f1os \/ 100.000 impresiones<\/a>\n            <\/h2>\n\t\t\t\t\t\t\t\t<div class=\"penci-hide-tagupdated\">\n\t\t\t<span class=\"author-italic author vcard\">by \t\t\t\t\t\t\t\t\t\t<a class=\"author-url url fn n\" href=\"https:\/\/worldimagingnewslatino.com\/it\/author\/mj\/\">Personale 1<\/a>\t\t\t\t\t\t\t\t\t<\/span>\n\t\t\t<time class=\"entry-date published\" datetime=\"2025-12-09T10:29:38-08:00\">12\/09\/2025<\/time>\t\t<\/div>\n\t\t\t\t\t\t                <div class=\"grid-post-box-meta\">\n\t\t\t\t\t\t\t\t\t\t\t\t\t\t\t                        <span class=\"otherl-date\"><time class=\"entry-date published\" datetime=\"2025-12-09T10:29:38-08:00\">12\/09\/2025<\/time><\/span>\n\t\t\t\t\t\t\t\t\t\t\t\t\t\t\t\t\t\t\t\t\t\t\t\t\t\t\t\t\t\t                <\/div>\n\t\t\t        <\/div>\n\n\t\t            <div class=\"item-content entry-content\">\n\t\t\t\t<p>ChatGPT said: CHARLESTON | Carolina del Sur &#8211; Noviembre 2025 &#8211; Sawgrass, l\u00edder global en tecnolog\u00eda de impresi\u00f3n por sublimaci\u00f3n, anuncia una mejora significativa en su programa de soporte de &#8230;<\/p>\n            <\/div>\n\t\t\n\t\t\n\t\t    <\/article>\n<\/li>\n<li class=\"grid-style\">\n    <article id=\"post-263244\" class=\"item hentry\">\n\t\t            <div class=\"thumbnail\">\n\t\t\t\t\t\t\t\t                    <a class=\"penci-image-holder penci-lazy\" data-bgset=\"https:\/\/worldimagingnewslatino.com\/wp-content\/uploads\/2025\/08\/admin-ajax-33-585x390.png\" href=\"https:\/\/worldimagingnewslatino.com\/it\/gildan-y-hanesbrands-acuerdan-fusionarse-para-crear-un-lider-global-en-prendas-basicas\/\" title=\"Gildan y HanesBrands acuerdan fusionarse para crear un l\u00edder global en prendas b\u00e1sicas\">\n                    <\/a>\n\t\t\t\t\n\t\t\t\t\t\t\t\t\t\t\t\t\t\t\t\t\t\t\t\t\t\t\t\t\t\t\t\t\t\t\t\t\t            <\/div>\n\t\t\n        <div class=\"grid-header-box\">\n\t\t\t                <span class=\"cat\"><a style=\"\" class=\"penci-cat-name penci-cat-1\" href=\"https:\/\/worldimagingnewslatino.com\/it\/category\/blog\/\" rel=\"category tag\"><span style=\"\">Blog<\/span><\/a><a style=\"\" class=\"penci-cat-name penci-cat-81\" href=\"https:\/\/worldimagingnewslatino.com\/it\/category\/biz-news\/companies\/\" rel=\"category tag\"><span style=\"\">Aziende<\/span><\/a><\/span>\n\t\t\t\n            <h2 class=\"penci-entry-title entry-title grid-title penci_grid_title_df\"><a href=\"https:\/\/worldimagingnewslatino.com\/it\/gildan-y-hanesbrands-acuerdan-fusionarse-para-crear-un-lider-global-en-prendas-basicas\/\">Gildan y HanesBrands acuerdan fusionarse para crear un l\u00edder global en prendas b\u00e1sicas<\/a>\n            <\/h2>\n\t\t\t\t\t\t\t\t<div class=\"penci-hide-tagupdated\">\n\t\t\t<span class=\"author-italic author vcard\">by \t\t\t\t\t\t\t\t\t\t<a class=\"author-url url fn n\" href=\"https:\/\/worldimagingnewslatino.com\/it\/author\/mj\/\">Personale 1<\/a>\t\t\t\t\t\t\t\t\t<\/span>\n\t\t\t<time class=\"entry-date published\" datetime=\"2025-08-18T12:33:44-07:00\">08\/18\/2025<\/time>\t\t<\/div>\n\t\t\t\t\t\t                <div class=\"grid-post-box-meta\">\n\t\t\t\t\t\t\t\t\t\t\t\t\t\t\t                        <span class=\"otherl-date\"><time class=\"entry-date published\" datetime=\"2025-08-18T12:33:44-07:00\">08\/18\/2025<\/time><\/span>\n\t\t\t\t\t\t\t\t\t\t\t\t\t\t\t\t\t\t\t\t\t\t\t\t\t\t\t\t\t\t                <\/div>\n\t\t\t        <\/div>\n\n\t\t            <div class=\"item-content entry-content\">\n\t\t\t\t<p>La combinaci\u00f3n crear\u00e1 un l\u00edder global en prendas b\u00e1sicas, con acceso a marcas ic\u00f3nicas de ropa interior y una red de manufactura verticalmente integrada de bajo costo a\u00fan m\u00e1s fortalecida. &#8230;<\/p>\n            <\/div>\n\t\t\n\t\t\n\t\t    <\/article>\n<\/li>\n<li class=\"grid-style\">\n    <article id=\"post-263179\" class=\"item hentry\">\n\t\t            <div class=\"thumbnail\">\n\t\t\t\t\t\t\t\t                    <a class=\"penci-image-holder penci-lazy\" data-bgset=\"https:\/\/worldimagingnewslatino.com\/wp-content\/uploads\/2025\/08\/admin-ajax-19-585x390.png\" href=\"https:\/\/worldimagingnewslatino.com\/it\/roland-dg-y-roland-corporation-lanzan-un-piano-con-arte-paralym-art\/\" title=\"Roland DG y Roland Corporation lanzan un piano \u00fanico con arte \u201cParalym Art\u201d que integra impresi\u00f3n digital, m\u00fasica y creatividad\">\n                    <\/a>\n\t\t\t\t\n\t\t\t\t\t\t\t\t\t\t\t\t\t\t\t\t\t\t\t\t\t\t\t\t\t\t\t\t\t\t\t\t\t            <\/div>\n\t\t\n        <div class=\"grid-header-box\">\n\t\t\t                <span class=\"cat\"><a style=\"\" class=\"penci-cat-name penci-cat-81\" href=\"https:\/\/worldimagingnewslatino.com\/it\/category\/biz-news\/companies\/\" rel=\"category tag\"><span style=\"\">Aziende<\/span><\/a><\/span>\n\t\t\t\n            <h2 class=\"penci-entry-title entry-title grid-title penci_grid_title_df\"><a href=\"https:\/\/worldimagingnewslatino.com\/it\/roland-dg-y-roland-corporation-lanzan-un-piano-con-arte-paralym-art\/\">Roland DG y Roland Corporation lanzan un piano \u00fanico con arte \u201cParalym Art\u201d que integra impresi\u00f3n digital, m\u00fasica y creatividad<\/a>\n            <\/h2>\n\t\t\t\t\t\t\t\t<div class=\"penci-hide-tagupdated\">\n\t\t\t<span class=\"author-italic author vcard\">by \t\t\t\t\t\t\t\t\t\t<a class=\"author-url url fn n\" href=\"https:\/\/worldimagingnewslatino.com\/it\/author\/mj\/\">Personale 1<\/a>\t\t\t\t\t\t\t\t\t<\/span>\n\t\t\t<time class=\"entry-date published\" datetime=\"2025-08-11T12:31:50-07:00\">08\/11\/2025<\/time>\t\t<\/div>\n\t\t\t\t\t\t                <div class=\"grid-post-box-meta\">\n\t\t\t\t\t\t\t\t\t\t\t\t\t\t\t                        <span class=\"otherl-date\"><time class=\"entry-date published\" datetime=\"2025-08-11T12:31:50-07:00\">08\/11\/2025<\/time><\/span>\n\t\t\t\t\t\t\t\t\t\t\t\t\t\t\t\t\t\t\t\t\t\t\t\t\t\t\t\t\t\t                <\/div>\n\t\t\t        <\/div>\n\n\t\t            <div class=\"item-content entry-content\">\n\t\t\t\t<p>IRVINE, California \u2013 julio de 2025 \u2013 Roland DG Corporation, uno de los principales fabricantes mundiales de impresoras de inyecci\u00f3n de tinta de gran formato y equipos h\u00edbridos de impresi\u00f3n &#8230;<\/p>\n            <\/div>\n\t\t\n\t\t\n\t\t    <\/article>\n<\/li>\n<li class=\"grid-style\">\n    <article id=\"post-262763\" class=\"item hentry\">\n\t\t            <div class=\"thumbnail\">\n\t\t\t\t\t\t\t\t                    <a class=\"penci-image-holder penci-lazy\" data-bgset=\"https:\/\/worldimagingnewslatino.com\/wp-content\/uploads\/2025\/02\/Summa-300x200-1.png\" href=\"https:\/\/worldimagingnewslatino.com\/it\/summa-america-anuncia-nombramiento-de-liderazgo-estrategico-y-alcanza-hitos-2024\/\" title=\"Summa America Anuncia un Nombramiento Estrat\u00e9gico en su Liderazgo y Celebra los Hitos de 2024\">\n                    <\/a>\n\t\t\t\t\n\t\t\t\t\t\t\t\t\t\t\t\t\t\t\t\t\t\t\t\t\t\t\t\t\t\t\t\t\t\t\t\t\t            <\/div>\n\t\t\n        <div class=\"grid-header-box\">\n\t\t\t                <span class=\"cat\"><a style=\"\" class=\"penci-cat-name penci-cat-81\" href=\"https:\/\/worldimagingnewslatino.com\/it\/category\/biz-news\/companies\/\" rel=\"category tag\"><span style=\"\">Aziende<\/span><\/a><\/span>\n\t\t\t\n            <h2 class=\"penci-entry-title entry-title grid-title penci_grid_title_df\"><a href=\"https:\/\/worldimagingnewslatino.com\/it\/summa-america-anuncia-nombramiento-de-liderazgo-estrategico-y-alcanza-hitos-2024\/\">Summa America Anuncia un Nombramiento Estrat\u00e9gico en su Liderazgo y Celebra los Hitos de 2024<\/a>\n            <\/h2>\n\t\t\t\t\t\t\t\t<div class=\"penci-hide-tagupdated\">\n\t\t\t<span class=\"author-italic author vcard\">by \t\t\t\t\t\t\t\t\t\t<a class=\"author-url url fn n\" href=\"https:\/\/worldimagingnewslatino.com\/it\/author\/mj\/\">Personale 1<\/a>\t\t\t\t\t\t\t\t\t<\/span>\n\t\t\t<time class=\"entry-date published\" datetime=\"2025-02-10T09:47:46-08:00\">02\/10\/2025<\/time>\t\t<\/div>\n\t\t\t\t\t\t                <div class=\"grid-post-box-meta\">\n\t\t\t\t\t\t\t\t\t\t\t\t\t\t\t                        <span class=\"otherl-date\"><time class=\"entry-date published\" datetime=\"2025-02-10T09:47:46-08:00\">02\/10\/2025<\/time><\/span>\n\t\t\t\t\t\t\t\t\t\t\t\t\t\t\t\t\t\t\t\t\t\t\t\t\t\t\t\t\t\t                <\/div>\n\t\t\t        <\/div>\n\n\t\t            <div class=\"item-content entry-content\">\n\t\t\t\t<p>Summa America Impulsa su Crecimiento con una Transformaci\u00f3n Estrat\u00e9gica GISTAL | B\u00e9lgica &#8211; Enero 2025 &#8211; Summa America ha experimentado un crecimiento exponencial en los \u00faltimos a\u00f1os. Para sostener este &#8230;<\/p>\n            <\/div>\n\t\t\n\t\t\n\t\t    <\/article>\n<\/li>\n<li class=\"grid-style\">\n    <article id=\"post-262760\" class=\"item hentry\">\n\t\t            <div class=\"thumbnail\">\n\t\t\t\t\t\t\t\t                    <a class=\"penci-image-holder penci-lazy\" data-bgset=\"https:\/\/worldimagingnewslatino.com\/wp-content\/uploads\/2025\/02\/Demo-Room-2-300x225-1.jpg\" href=\"https:\/\/worldimagingnewslatino.com\/it\/vanguard-digital-anuncia-apertura-oficial-de-centro-de-demostracion-en-la-costa-oeste\/\" title=\"Vanguard Digital Anuncia la Apertura Oficial de su Centro de Demostraci\u00f3n en la Costa Oeste en Asociaci\u00f3n con Chroma Imaging\">\n                    <\/a>\n\t\t\t\t\n\t\t\t\t\t\t\t\t\t\t\t\t\t\t\t\t\t\t\t\t\t\t\t\t\t\t\t\t\t\t\t\t\t            <\/div>\n\t\t\n        <div class=\"grid-header-box\">\n\t\t\t                <span class=\"cat\"><a style=\"\" class=\"penci-cat-name penci-cat-81\" href=\"https:\/\/worldimagingnewslatino.com\/it\/category\/biz-news\/companies\/\" rel=\"category tag\"><span style=\"\">Aziende<\/span><\/a><\/span>\n\t\t\t\n            <h2 class=\"penci-entry-title entry-title grid-title penci_grid_title_df\"><a href=\"https:\/\/worldimagingnewslatino.com\/it\/vanguard-digital-anuncia-apertura-oficial-de-centro-de-demostracion-en-la-costa-oeste\/\">Vanguard Digital Anuncia la Apertura Oficial de su Centro de Demostraci\u00f3n en la Costa Oeste en Asociaci\u00f3n con Chroma Imaging<\/a>\n            <\/h2>\n\t\t\t\t\t\t\t\t<div class=\"penci-hide-tagupdated\">\n\t\t\t<span class=\"author-italic author vcard\">by \t\t\t\t\t\t\t\t\t\t<a class=\"author-url url fn n\" href=\"https:\/\/worldimagingnewslatino.com\/it\/author\/mj\/\">Personale 1<\/a>\t\t\t\t\t\t\t\t\t<\/span>\n\t\t\t<time class=\"entry-date published\" datetime=\"2025-02-10T09:35:29-08:00\">02\/10\/2025<\/time>\t\t<\/div>\n\t\t\t\t\t\t                <div class=\"grid-post-box-meta\">\n\t\t\t\t\t\t\t\t\t\t\t\t\t\t\t                        <span class=\"otherl-date\"><time class=\"entry-date published\" datetime=\"2025-02-10T09:35:29-08:00\">02\/10\/2025<\/time><\/span>\n\t\t\t\t\t\t\t\t\t\t\t\t\t\t\t\t\t\t\t\t\t\t\t\t\t\t\t\t\t\t                <\/div>\n\t\t\t        <\/div>\n\n\t\t            <div class=\"item-content entry-content\">\n\t\t\t\t<p>LAWRENCEVILLE | Georgia &#8211; Enero 2025 \u2013 Vanguard Digital Printing Systems, una empresa del Grupo Durst, ha experimentado un crecimiento extraordinario en los \u00faltimos a\u00f1os. En respuesta a esta expansi\u00f3n, &#8230;<\/p>\n            <\/div>\n\t\t\n\t\t\n\t\t    <\/article>\n<\/li>\n<li class=\"grid-style\">\n    <article id=\"post-262546\" class=\"item hentry\">\n\t\t            <div class=\"thumbnail\">\n\t\t\t\t\t\t\t\t                    <a class=\"penci-image-holder penci-lazy\" data-bgset=\"https:\/\/worldimagingnewslatino.com\/wp-content\/uploads\/2024\/12\/vantage-616-585x390.jpg\" href=\"https:\/\/worldimagingnewslatino.com\/it\/vantage-apparel-amplia-la-tecnologia-dtf\/\" title=\"Vantage Apparel espande la tecnologia DTF\">\n                    <\/a>\n\t\t\t\t\n\t\t\t\t\t\t\t\t\t\t\t\t\t\t\t\t\t\t\t\t\t\t\t\t\t\t\t\t\t\t\t\t\t            <\/div>\n\t\t\n        <div class=\"grid-header-box\">\n\t\t\t                <span class=\"cat\"><a style=\"\" class=\"penci-cat-name penci-cat-1\" href=\"https:\/\/worldimagingnewslatino.com\/it\/category\/blog\/\" rel=\"category tag\"><span style=\"\">Blog<\/span><\/a><a style=\"\" class=\"penci-cat-name penci-cat-81\" href=\"https:\/\/worldimagingnewslatino.com\/it\/category\/biz-news\/companies\/\" rel=\"category tag\"><span style=\"\">Aziende<\/span><\/a><\/span>\n\t\t\t\n            <h2 class=\"penci-entry-title entry-title grid-title penci_grid_title_df\"><a href=\"https:\/\/worldimagingnewslatino.com\/it\/vantage-apparel-amplia-la-tecnologia-dtf\/\">Vantage Apparel espande la tecnologia DTF<\/a>\n            <\/h2>\n\t\t\t\t\t\t\t\t<div class=\"penci-hide-tagupdated\">\n\t\t\t<span class=\"author-italic author vcard\">by \t\t\t\t\t\t\t\t\t\t<a class=\"author-url url fn n\" href=\"https:\/\/worldimagingnewslatino.com\/it\/author\/mj\/\">Personale 1<\/a>\t\t\t\t\t\t\t\t\t<\/span>\n\t\t\t<time class=\"entry-date published\" datetime=\"2024-12-09T10:43:16-08:00\">12\/09\/2024<\/time>\t\t<\/div>\n\t\t\t\t\t\t                <div class=\"grid-post-box-meta\">\n\t\t\t\t\t\t\t\t\t\t\t\t\t\t\t                        <span class=\"otherl-date\"><time class=\"entry-date published\" datetime=\"2024-12-09T10:43:16-08:00\">12\/09\/2024<\/time><\/span>\n\t\t\t\t\t\t\t\t\t\t\t\t\t\t\t\t\t\t\t\t\t\t\t\t\t\t\t\t\t\t                <\/div>\n\t\t\t        <\/div>\n\n\t\t            <div class=\"item-content entry-content\">\n\t\t\t\t<p>AVENEL | Nueva Jersey &#8211; Noviembre 2024 &#8211; Vantage Apparel se complace en anunciar la expansi\u00f3n de sus capacidades de decoraci\u00f3n Direct to Film (DTF) a las tres instalaciones que &#8230;<\/p>\n            <\/div>\n\t\t\n\t\t\n\t\t    <\/article>\n<\/li>\n\n\t\t\t\t\t\t\t\t\t\t\t\t\t\t\t\t\t\t\t\t\t\t\t\t\t\t\t\t<\/ul>\n\t\t\t\t\t\t\t\t\t\t\t\t\t\t<div class=\"penci-pagination align-left\"><ul class='page-numbers'>\n\t<li><span aria-current=\"page\" class=\"page-numbers current\">1<\/span><\/li>\n\t<li><a class=\"page-numbers\" href=\"https:\/\/worldimagingnewslatino.com\/it\/wp-json\/wp\/v2\/pages\/18873\/page\/2\/\">2<\/a><\/li>\n\t<li><a class=\"page-numbers\" href=\"https:\/\/worldimagingnewslatino.com\/it\/wp-json\/wp\/v2\/pages\/18873\/page\/3\/\">3<\/a><\/li>\n\t<li><span class=\"page-numbers dots\">&hellip;<\/span><\/li>\n\t<li><a class=\"page-numbers\" href=\"https:\/\/worldimagingnewslatino.com\/it\/wp-json\/wp\/v2\/pages\/18873\/page\/8\/\">8<\/a><\/li>\n\t<li><a class=\"next page-numbers\" href=\"https:\/\/worldimagingnewslatino.com\/it\/wp-json\/wp\/v2\/pages\/18873\/page\/2\/\"><i class=\"penci-faicon fa fa-angle-right\" ><\/i><\/a><\/li>\n<\/ul>\n<\/div>\t\t\t\t\t\t\t                        <\/div>\n\n\t\t\t\t\t\t                    <\/div>\n                <\/div>\n\t\t\t            <style>\n                                                                                                                                                                            <\/style>\n\t\t\t\t\t\t\t<\/div>\n\t\t\t\t<\/div>\n\t\t\t\t\t<\/div>\n\t\t\t\t<\/div>\n\t\t\t\t<\/div>","protected":false},"excerpt":{"rendered":"<p>aziende Biz NewsAziende STAHLS' aggiunge due nuovi distributori principali, per un totale di 11 in tutta la nazione a cura dello staff 08\/12\/2024 08\/12\/2024 St. CLAIR SHORES | Michigan - Agosto 2024 - STAHLS'...<\/p>","protected":false},"author":3,"featured_media":0,"parent":0,"menu_order":0,"comment_status":"closed","ping_status":"closed","template":"","meta":{"_lmt_disableupdate":"no","_lmt_disable":"","cybocfi_hide_featured_image":"","footnotes":""},"class_list":["post-18873","page","type-page","status-publish","hentry"],"_links":{"self":[{"href":"https:\/\/worldimagingnewslatino.com\/it\/wp-json\/wp\/v2\/pages\/18873"}],"collection":[{"href":"https:\/\/worldimagingnewslatino.com\/it\/wp-json\/wp\/v2\/pages"}],"about":[{"href":"https:\/\/worldimagingnewslatino.com\/it\/wp-json\/wp\/v2\/types\/page"}],"author":[{"embeddable":true,"href":"https:\/\/worldimagingnewslatino.com\/it\/wp-json\/wp\/v2\/users\/3"}],"replies":[{"embeddable":true,"href":"https:\/\/worldimagingnewslatino.com\/it\/wp-json\/wp\/v2\/comments?post=18873"}],"version-history":[{"count":9,"href":"https:\/\/worldimagingnewslatino.com\/it\/wp-json\/wp\/v2\/pages\/18873\/revisions"}],"predecessor-version":[{"id":260247,"href":"https:\/\/worldimagingnewslatino.com\/it\/wp-json\/wp\/v2\/pages\/18873\/revisions\/260247"}],"wp:attachment":[{"href":"https:\/\/worldimagingnewslatino.com\/it\/wp-json\/wp\/v2\/media?parent=18873"}],"curies":[{"name":"wp","href":"https:\/\/api.w.org\/{rel}","templated":true}]}}